{"id":157,"date":"2022-03-25T11:00:55","date_gmt":"2022-03-25T11:00:55","guid":{"rendered":"http:\/\/compslight.ipb.ac.rs\/?page_id=157"},"modified":"2026-02-27T20:16:23","modified_gmt":"2026-02-27T20:16:23","slug":"news-and-events","status":"publish","type":"page","link":"https:\/\/compslight.ipb.ac.rs\/index.php\/news-and-events\/","title":{"rendered":"NEWS AND EVENTS"},"content":{"rendered":"\n<div class=\"wp-block-cover is-light\" style=\"min-height:300px;aspect-ratio:unset;\"><span aria-hidden=\"true\" class=\"wp-block-cover__background has-light-gray-background-color has-background-dim-40 has-background-dim\"><\/span><div class=\"wp-block-cover__inner-container is-layout-flow wp-block-cover-is-layout-flow\">\n<p class=\"has-text-align-center\" style=\"font-size:17px\"><strong><mark style=\"background-color:rgba(0, 0, 0, 0);color:#cc0000\" class=\"has-inline-color\"><strong><strong><a href=\"https:\/\/pubs.acs.org\/doi\/10.1021\/acsaom.5c00466\" target=\"_blank\" rel=\"noreferrer noopener\">New paper in Journal of ACS Applied Optical Materials<\/a><\/strong><\/strong><\/mark><\/strong><\/p>\n\n\n\n<div class=\"wp-block-columns is-layout-flex wp-container-core-columns-is-layout-9d6595d7 wp-block-columns-is-layout-flex\">\n<div class=\"wp-block-column is-layout-flow wp-block-column-is-layout-flow\" style=\"flex-basis:66.66%\">\n<p class=\"has-text-align-left\"><mark style=\"background-color:rgba(0, 0, 0, 0)\" class=\"has-inline-color has-blue-color\"><a href=\"https:\/\/pubs.acs.org\/doi\/10.1021\/acsaom.5c00466\" data-type=\"link\" data-id=\"https:\/\/www.sciencedirect.com\/science\/article\/pii\/S0960077926000834?via%3Dihub\" target=\"_blank\" rel=\"noreferrer noopener\">&#8220;Surface-Distributed Twisted Beams Nonlinearly Induced by Nondiffracting Beams&#8221;<\/a><\/mark><\/p>\n\n\n\n<p class=\"has-text-align-left\">Jadranka M. Vasiljevi\u0107, Miroslav Petroski, Dejan V. Timotijevi\u0107, Dragana M. Jovi\u0107 Savi\u0107<\/p>\n\n\n\n<p class=\"has-text-align-left\"><strong><strong>ACS Applied Optical Material<\/strong>s<\/strong> <strong>4(2)<\/strong>, 352 (2026).<\/p>\n\n\n\n<p class=\"has-text-align-left\"><a href=\"https:\/\/doi.org\/10.1021\/acsaom.5c00466\" target=\"_blank\" rel=\"noreferrer noopener\">https:\/\/doi.org\/10.1021\/acsaom.5c00466<\/a><\/p>\n<\/div>\n\n\n\n<div class=\"wp-block-column is-layout-flow wp-block-column-is-layout-flow\" style=\"flex-basis:33.33%\">\n<figure class=\"wp-block-image size-full\"><a href=\"https:\/\/pubs.acs.org\/doi\/10.1021\/acsaom.5c00466\" target=\"_blank\" rel=\" noreferrer noopener\"><img loading=\"lazy\" decoding=\"async\" width=\"1192\" height=\"584\" src=\"https:\/\/compslight.ipb.ac.rs\/wp-content\/uploads\/2026\/02\/Grafical_abstarct_za_sajt-01.png\" alt=\"\" class=\"wp-image-927\" srcset=\"https:\/\/compslight.ipb.ac.rs\/wp-content\/uploads\/2026\/02\/Grafical_abstarct_za_sajt-01.png 1192w, https:\/\/compslight.ipb.ac.rs\/wp-content\/uploads\/2026\/02\/Grafical_abstarct_za_sajt-01-300x147.png 300w, https:\/\/compslight.ipb.ac.rs\/wp-content\/uploads\/2026\/02\/Grafical_abstarct_za_sajt-01-1024x502.png 1024w, https:\/\/compslight.ipb.ac.rs\/wp-content\/uploads\/2026\/02\/Grafical_abstarct_za_sajt-01-768x376.png 768w\" sizes=\"auto, (max-width: 1192px) 100vw, 1192px\" \/><\/a><figcaption class=\"wp-element-caption\">Light-induced microstructures of twisted bundles with the experimental setup schema. <\/figcaption><\/figure>\n<\/div>\n<\/div>\n<\/div><\/div>\n\n\n\n<p><\/p>\n\n\n\n<div class=\"wp-block-cover is-light\" style=\"min-height:300px;aspect-ratio:unset;\"><span aria-hidden=\"true\" class=\"wp-block-cover__background has-light-gray-background-color has-background-dim-40 has-background-dim\"><\/span><div class=\"wp-block-cover__inner-container is-layout-flow wp-block-cover-is-layout-flow\">\n<p class=\"has-text-align-center\" style=\"font-size:17px\"><strong><mark style=\"background-color:rgba(0, 0, 0, 0);color:#cc0000\" class=\"has-inline-color\"><strong><a href=\"https:\/\/www.sciencedirect.com\/science\/article\/pii\/S0960077926000834?via%3Dihub\" target=\"_blank\" rel=\"noreferrer noopener\">New paper in Journal of Chaos, Solitons &amp; Fractals<\/a><\/strong><\/mark><\/strong><\/p>\n\n\n\n<div class=\"wp-block-columns is-layout-flex wp-container-core-columns-is-layout-9d6595d7 wp-block-columns-is-layout-flex\">\n<div class=\"wp-block-column is-layout-flow wp-block-column-is-layout-flow\" style=\"flex-basis:66.66%\">\n<p class=\"has-text-align-left\"><a href=\"https:\/\/www.sciencedirect.com\/science\/article\/pii\/S0960077926000834?via%3Dihub\" data-type=\"link\" data-id=\"https:\/\/www.sciencedirect.com\/science\/article\/pii\/S0960077926000834?via%3Dihub\" target=\"_blank\" rel=\"noreferrer noopener\"><mark style=\"background-color:rgba(0, 0, 0, 0)\" class=\"has-inline-color has-blue-color\">&#8220;Head-on nonlinear excitation of tilted linear modes in photorefractive medium&#8221;<\/mark><\/a><\/p>\n\n\n\n<p class=\"has-text-align-left\">Dejan V. Timotijevi\u0107, Aleksandra \u017d. Piper, Jadranka M. Vasiljevi\u0107, Damir V. Miti\u0107, Dragana M. Jovi\u0107 Savi\u0107<\/p>\n\n\n\n<p class=\"has-text-align-left\"><strong>Chaos, Solitons &amp; Fractals<\/strong> <strong>207<\/strong>, 117942 (2026).<\/p>\n\n\n\n<p class=\"has-text-align-left\"><a href=\"https:\/\/doi.org\/10.1016\/j.chaos.2026.117942\">https:\/\/doi.org\/10.1016\/j.chaos.2026.117942<\/a><\/p>\n\n\n\n<p><\/p>\n<\/div>\n\n\n\n<div class=\"wp-block-column is-layout-flow wp-block-column-is-layout-flow\" style=\"flex-basis:33.33%\">\n<figure class=\"wp-block-image size-full\"><a href=\"https:\/\/www.sciencedirect.com\/science\/article\/pii\/S0960077926000834?via%3Dihub\" target=\"_blank\" rel=\" noreferrer noopener\"><img loading=\"lazy\" decoding=\"async\" width=\"2560\" height=\"1636\" src=\"https:\/\/compslight.ipb.ac.rs\/wp-content\/uploads\/2026\/01\/Figure_sajt-01-scaled.png\" alt=\"\" class=\"wp-image-914\" srcset=\"https:\/\/compslight.ipb.ac.rs\/wp-content\/uploads\/2026\/01\/Figure_sajt-01-scaled.png 2560w, https:\/\/compslight.ipb.ac.rs\/wp-content\/uploads\/2026\/01\/Figure_sajt-01-300x192.png 300w, https:\/\/compslight.ipb.ac.rs\/wp-content\/uploads\/2026\/01\/Figure_sajt-01-1024x655.png 1024w, https:\/\/compslight.ipb.ac.rs\/wp-content\/uploads\/2026\/01\/Figure_sajt-01-768x491.png 768w, https:\/\/compslight.ipb.ac.rs\/wp-content\/uploads\/2026\/01\/Figure_sajt-01-1536x982.png 1536w, https:\/\/compslight.ipb.ac.rs\/wp-content\/uploads\/2026\/01\/Figure_sajt-01-2048x1309.png 2048w\" sizes=\"auto, (max-width: 2560px) 100vw, 2560px\" \/><\/a><figcaption class=\"wp-element-caption\">Localized tilted modes observed in the nonlinear propagation of the Weber beam: numerical and experimental results with the experimental setup for investigating the nonlinear propagation of nondiffracting beams.<\/figcaption><\/figure>\n<\/div>\n<\/div>\n<\/div><\/div>\n\n\n\n<p><\/p>\n\n\n\n<div class=\"wp-block-cover is-light\" style=\"min-height:300px;aspect-ratio:unset;\"><span aria-hidden=\"true\" class=\"wp-block-cover__background has-light-gray-background-color has-background-dim-40 has-background-dim\"><\/span><div class=\"wp-block-cover__inner-container is-layout-flow wp-block-cover-is-layout-flow\">\n<p class=\"has-text-align-center\" style=\"font-size:17px\"><strong><strong><a href=\"https:\/\/www.sciencedirect.com\/science\/article\/pii\/S096007792501447X\" data-type=\"link\" data-id=\"https:\/\/www.sciencedirect.com\/science\/article\/pii\/S0925346725006093?dgcid=coauthor\" target=\"_blank\" rel=\"noreferrer noopener\"><mark style=\"background-color:rgba(0, 0, 0, 0)\" class=\"has-inline-color has-blue-color\">New paper in Journal of Chaos, Solitons &amp; Fractals<\/mark><\/a><\/strong><\/strong><\/p>\n\n\n\n<div class=\"wp-block-columns is-layout-flex wp-container-core-columns-is-layout-9d6595d7 wp-block-columns-is-layout-flex\">\n<div class=\"wp-block-column is-layout-flow wp-block-column-is-layout-flow\" style=\"flex-basis:66.66%\">\n<p class=\"has-text-align-left\"><a href=\"https:\/\/www.sciencedirect.com\/science\/article\/pii\/S096007792501447X\" data-type=\"link\" data-id=\"https:\/\/www.sciencedirect.com\/science\/article\/pii\/S0925346725006093?dgcid=coauthor\" target=\"_blank\" rel=\"noreferrer noopener\"><mark style=\"background-color:rgba(0, 0, 0, 0)\" class=\"has-inline-color has-blue-color\"> &#8220;Head-on excitation of tilted solitons by fragmented Bessel beams&#8221;<\/mark><\/a><\/p>\n\n\n\n<p class=\"has-text-align-left\">Miroslav Petroski, Dejan V. Timotijevi\u0107, Dragana M. Jovi\u0107 Savi\u0107, and Jadranka M. Vasiljevi\u0107<\/p>\n\n\n\n<p class=\"has-text-align-left\"><strong>Chaos, Solitons &amp; Fractals<\/strong> <strong>202(1)<\/strong>, 117434 (2026).<\/p>\n\n\n\n<p><a href=\"https:\/\/doi.org\/10.1016\/j.chaos.2025.117434\">https:\/\/doi.org\/10.1016\/j.chaos.2025.117434<\/a><\/p>\n\n\n\n<p><strong><em><mark style=\"background-color:rgba(0, 0, 0, 0)\" class=\"has-inline-color has-blue-color\">Open datasets for this paper: <\/mark><\/em><\/strong><a href=\"https:\/\/doi.org\/10.5281\/zenodo.17464060\" target=\"_blank\" rel=\"noreferrer noopener\">10.5281\/zenodo.17464060<\/a><\/p>\n<\/div>\n\n\n\n<div class=\"wp-block-column is-layout-flow wp-block-column-is-layout-flow\" style=\"flex-basis:33.33%\">\n<figure class=\"wp-block-image size-full\"><a href=\"https:\/\/www.sciencedirect.com\/science\/article\/pii\/S096007792501447X\" target=\"_blank\" rel=\" noreferrer noopener\"><img loading=\"lazy\" decoding=\"async\" width=\"528\" height=\"455\" src=\"https:\/\/compslight.ipb.ac.rs\/wp-content\/uploads\/2025\/10\/Figure_ToC2-01.png\" alt=\"\" class=\"wp-image-898\" srcset=\"https:\/\/compslight.ipb.ac.rs\/wp-content\/uploads\/2025\/10\/Figure_ToC2-01.png 528w, https:\/\/compslight.ipb.ac.rs\/wp-content\/uploads\/2025\/10\/Figure_ToC2-01-300x259.png 300w\" sizes=\"auto, (max-width: 528px) 100vw, 528px\" \/><\/a><figcaption class=\"wp-element-caption\">Experimental setup for investigating the nonlinear propagation of fragmented Bessel beams with numerical and experimental results<\/figcaption><\/figure>\n<\/div>\n<\/div>\n<\/div><\/div>\n\n\n\n<p><\/p>\n\n\n\n<div class=\"wp-block-cover aligncenter is-light\" style=\"min-height:300px;aspect-ratio:unset;\"><span aria-hidden=\"true\" class=\"wp-block-cover__background has-light-gray-background-color has-background-dim-40 has-background-dim\"><\/span><div class=\"wp-block-cover__inner-container is-layout-flow wp-block-cover-is-layout-flow\">\n<p class=\"has-text-align-center\" style=\"font-size:17px\"><strong><mark style=\"background-color:rgba(0, 0, 0, 0);color:#ff0000\" class=\"has-inline-color\">Conferences 2025<\/mark><\/strong><\/p>\n\n\n\n<p class=\"has-text-align-center\">PhD students Isidora Vlaovi\u0107 Miti\u0107 and Damir Miti\u0107 presented their research results at poster sessions at the:<\/p>\n\n\n\n<p class=\"has-text-align-center\"><strong><mark style=\"background-color:rgba(0, 0, 0, 0)\" class=\"has-inline-color has-headings-color\"><a href=\"http:\/\/www.photonica.ac.rs\/index.php\" data-type=\"link\" data-id=\"http:\/\/www.photonica.ac.rs\/index.php\" target=\"_blank\" rel=\"noreferrer noopener\">X International School and Conference on Photonics <\/a> &#8211; <a href=\"http:\/\/www.photonica.ac.rs\/poster-presentation.php\" data-type=\"link\" data-id=\"http:\/\/www.photonica.ac.rs\/index.php\" target=\"_blank\" rel=\"noreferrer noopener\">PHOTONICA 2025<\/a><\/mark><\/strong><\/p>\n\n\n\n<p class=\"has-text-align-center\"><a href=\"http:\/\/www.photonica.ac.rs\/index.php\" data-type=\"link\" data-id=\"http:\/\/www.photonica.ac.rs\/index.php\" target=\"_blank\" rel=\"noreferrer noopener\"><strong><mark style=\"background-color:rgba(0, 0, 0, 0);color:#000000\" class=\"has-inline-color\">August 25 &#8211; August 29, 2025, Belgrade, Serbia<\/mark><\/strong><\/a><\/p>\n\n\n\n<p class=\"has-text-align-center\"><strong><em><a href=\"http:\/\/www.photonica.ac.rs\/posters\/Assembling%20of%20Truncated%20Deterministic%20Aperiodic%20Lattices%20with%20Defects%20Using%20Weber%20Beams-Isidora%20Vlaovic%20Mitic.pdf\" data-type=\"link\" data-id=\"http:\/\/www.photonica.ac.rs\/posters\/Assembling%20of%20Truncated%20Deterministic%20Aperiodic%20Lattices%20with%20Defects%20Using%20Weber%20Beams-Isidora%20Vlaovic%20Mitic.pdf\" target=\"_blank\" rel=\"noreferrer noopener\"><mark style=\"background-color:rgba(0, 0, 0, 0);color:#2fa468\" class=\"has-inline-color\">Assembling of Truncated Deterministic Aperiodic Lattices with Defects Using Weber Beams<\/mark><\/a><\/em><\/strong><\/p>\n\n\n\n<p class=\"has-text-align-center\"><strong><em><a href=\"http:\/\/www.photonica.ac.rs\/posters\/Excitation%20of%20self-induced%20surface%20states%20in%20parabolic%20geometry%20Damir%20Mitic.pdf\" target=\"_blank\" rel=\"noreferrer noopener\"><mark style=\"background-color:rgba(0, 0, 0, 0);color:#2fa468\" class=\"has-inline-color\">Excitation of self-induced surface states in parabolic geometry<\/mark><\/a><\/em><\/strong><\/p>\n\n\n\n<div class=\"wp-block-columns is-layout-flex wp-container-core-columns-is-layout-9d6595d7 wp-block-columns-is-layout-flex\">\n<div class=\"wp-block-column is-layout-flow wp-block-column-is-layout-flow\">\n<div class=\"wp-block-columns is-layout-flex wp-container-core-columns-is-layout-9d6595d7 wp-block-columns-is-layout-flex\">\n<div class=\"wp-block-column is-layout-flow wp-block-column-is-layout-flow\">\n<figure class=\"wp-block-image size-large\"><img loading=\"lazy\" decoding=\"async\" width=\"799\" height=\"1024\" src=\"https:\/\/compslight.ipb.ac.rs\/wp-content\/uploads\/2025\/08\/1756292126744-799x1024.png\" alt=\"\" class=\"wp-image-892\" srcset=\"https:\/\/compslight.ipb.ac.rs\/wp-content\/uploads\/2025\/08\/1756292126744-799x1024.png 799w, https:\/\/compslight.ipb.ac.rs\/wp-content\/uploads\/2025\/08\/1756292126744-234x300.png 234w, https:\/\/compslight.ipb.ac.rs\/wp-content\/uploads\/2025\/08\/1756292126744-768x984.png 768w, https:\/\/compslight.ipb.ac.rs\/wp-content\/uploads\/2025\/08\/1756292126744-1199x1536.png 1199w, https:\/\/compslight.ipb.ac.rs\/wp-content\/uploads\/2025\/08\/1756292126744-1598x2048.png 1598w\" sizes=\"auto, (max-width: 799px) 100vw, 799px\" \/><\/figure>\n<\/div>\n\n\n\n<div class=\"wp-block-column is-layout-flow wp-block-column-is-layout-flow\">\n<figure class=\"wp-block-image size-large\"><img loading=\"lazy\" decoding=\"async\" width=\"799\" height=\"1024\" src=\"https:\/\/compslight.ipb.ac.rs\/wp-content\/uploads\/2025\/08\/1756292036092-799x1024.png\" alt=\"\" class=\"wp-image-893\" srcset=\"https:\/\/compslight.ipb.ac.rs\/wp-content\/uploads\/2025\/08\/1756292036092-799x1024.png 799w, https:\/\/compslight.ipb.ac.rs\/wp-content\/uploads\/2025\/08\/1756292036092-234x300.png 234w, https:\/\/compslight.ipb.ac.rs\/wp-content\/uploads\/2025\/08\/1756292036092-768x984.png 768w, https:\/\/compslight.ipb.ac.rs\/wp-content\/uploads\/2025\/08\/1756292036092-1199x1536.png 1199w, https:\/\/compslight.ipb.ac.rs\/wp-content\/uploads\/2025\/08\/1756292036092-1598x2048.png 1598w\" sizes=\"auto, (max-width: 799px) 100vw, 799px\" \/><\/figure>\n<\/div>\n<\/div>\n<\/div>\n<\/div>\n<\/div><\/div>\n\n\n\n<p><\/p>\n\n\n\n<div class=\"wp-block-cover is-light\" style=\"min-height:300px;aspect-ratio:unset;\"><span aria-hidden=\"true\" class=\"wp-block-cover__background has-light-gray-background-color has-background-dim-40 has-background-dim\"><\/span><div class=\"wp-block-cover__inner-container is-layout-flow wp-block-cover-is-layout-flow\">\n<p class=\"has-text-align-center\" style=\"font-size:17px\"><strong><mark style=\"background-color:rgba(0, 0, 0, 0);color:#cc0000\" class=\"has-inline-color\"><a href=\"https:\/\/www.sciencedirect.com\/science\/article\/pii\/S0925346725006093?dgcid=coauthor\" data-type=\"link\" data-id=\"https:\/\/www.sciencedirect.com\/science\/article\/pii\/S0925346725006093?dgcid=coauthor\" target=\"_blank\" rel=\"noreferrer noopener\">New paper in Journal Optical Materials<\/a><\/mark><\/strong><\/p>\n\n\n\n<div class=\"wp-block-columns is-layout-flex wp-container-core-columns-is-layout-9d6595d7 wp-block-columns-is-layout-flex\">\n<div class=\"wp-block-column is-layout-flow wp-block-column-is-layout-flow\" style=\"flex-basis:66.66%\">\n<p class=\"has-text-align-left\"><strong><em><mark style=\"background-color:rgba(0, 0, 0, 0);color:#00ab31\" class=\"has-inline-color\"><a href=\"https:\/\/www.sciencedirect.com\/science\/article\/pii\/S0925346725006093?dgcid=coauthor\" data-type=\"link\" data-id=\"https:\/\/www.sciencedirect.com\/science\/article\/pii\/S0925346725006093?dgcid=coauthor\" target=\"_blank\" rel=\"noreferrer noopener\"> &#8220;Self-induced parabolic surface states&#8221;<\/a><\/mark><\/em><\/strong><\/p>\n\n\n\n<p class=\"has-text-align-left\">Damir V. Miti\u0107, Jadranka M. Vasiljevi\u0107, Dejan V. Timotijevi\u0107, Dragana M. Jovi\u0107 Savi\u0107<\/p>\n\n\n\n<p class=\"has-text-align-left\"><strong>Optical Materials 167,<\/strong> 117249 (2025).<\/p>\n\n\n\n<p><a href=\"https:\/\/doi.org\/10.1016\/j.optmat.2025.117249\" target=\"_blank\" rel=\"noreferrer noopener\">https:\/\/doi.org\/10.1016\/j.optmat.2025.117249<\/a><\/p>\n\n\n\n<p><strong><em><mark style=\"background-color:rgba(0, 0, 0, 0)\" class=\"has-inline-color has-blue-color\">Open datasets for this paper: <\/mark><\/em><\/strong><a href=\"https:\/\/doi.org\/10.5281\/zenodo.17464300\" target=\"_blank\" rel=\"noreferrer noopener\">10.5281\/zenodo.17464300<\/a><\/p>\n<\/div>\n\n\n\n<div class=\"wp-block-column is-layout-flow wp-block-column-is-layout-flow\" style=\"flex-basis:33.33%\">\n<figure class=\"wp-block-image size-large\"><a href=\"https:\/\/www.sciencedirect.com\/science\/article\/pii\/S0925346725006093?dgcid=coauthor\" target=\"_blank\" rel=\" noreferrer noopener\"><img loading=\"lazy\" decoding=\"async\" width=\"1024\" height=\"626\" src=\"https:\/\/compslight.ipb.ac.rs\/wp-content\/uploads\/2025\/06\/1-s2.0-S0925346725006093-ga1_lrg-1024x626.jpg\" alt=\"\" class=\"wp-image-880\" srcset=\"https:\/\/compslight.ipb.ac.rs\/wp-content\/uploads\/2025\/06\/1-s2.0-S0925346725006093-ga1_lrg-1024x626.jpg 1024w, https:\/\/compslight.ipb.ac.rs\/wp-content\/uploads\/2025\/06\/1-s2.0-S0925346725006093-ga1_lrg-300x183.jpg 300w, https:\/\/compslight.ipb.ac.rs\/wp-content\/uploads\/2025\/06\/1-s2.0-S0925346725006093-ga1_lrg-768x470.jpg 768w, https:\/\/compslight.ipb.ac.rs\/wp-content\/uploads\/2025\/06\/1-s2.0-S0925346725006093-ga1_lrg.jpg 1333w\" sizes=\"auto, (max-width: 1024px) 100vw, 1024px\" \/><\/a><figcaption class=\"wp-element-caption\">Experimental setup for investigating the nonlinear propagation of Weber beams<\/figcaption><\/figure>\n<\/div>\n<\/div>\n<\/div><\/div>\n\n\n\n<p><\/p>\n\n\n\n<div class=\"wp-block-cover is-light\" style=\"min-height:300px;aspect-ratio:unset;\"><span aria-hidden=\"true\" class=\"wp-block-cover__background has-light-gray-background-color has-background-dim-40 has-background-dim\"><\/span><div class=\"wp-block-cover__inner-container is-layout-flow wp-block-cover-is-layout-flow\">\n<p class=\"has-text-align-center\" style=\"font-size:17px\"><strong><mark style=\"background-color:rgba(0, 0, 0, 0);color:#cc0000\" class=\"has-inline-color\"><a href=\"https:\/\/www.sciencedirect.com\/science\/article\/pii\/S0925346724015179?via%3Dihub#dfig1\" target=\"_blank\" rel=\"noreferrer noopener\">New paper in Journal Optical Materials<\/a><\/mark><\/strong><\/p>\n\n\n\n<div class=\"wp-block-columns is-layout-flex wp-container-core-columns-is-layout-9d6595d7 wp-block-columns-is-layout-flex\">\n<div class=\"wp-block-column is-layout-flow wp-block-column-is-layout-flow\" style=\"flex-basis:66.66%\">\n<p class=\"has-text-align-left\"><strong><em><mark style=\"background-color:rgba(0, 0, 0, 0);color:#00ab31\" class=\"has-inline-color\"><a href=\"https:\/\/www.sciencedirect.com\/science\/article\/pii\/S0925346724015179?via%3Dihub#coi1\" target=\"_blank\" rel=\"noreferrer noopener\"> &#8220;Assembling of truncated deterministic aperiodic lattices with defects using Weber beams&#8221;<\/a><\/mark><\/em><\/strong><\/p>\n\n\n\n<p class=\"has-text-align-left\">Aleksandar \u017d. Tomovi\u0107, Isidora J. Vlaovi\u0107 Miti\u0107, Vladimir P. Jovanovi\u0107, Dejan V. Timotijevi\u0107, Dragana M. Jovi\u0107 Savi\u0107<\/p>\n\n\n\n<p class=\"has-text-align-left\"><strong>Optical Materials 157(2),<\/strong> 116334 (2024).<\/p>\n\n\n\n<p><a href=\"https:\/\/doi.org\/10.1016\/j.optmat.2024.116334\">https:\/\/doi.org\/10.1016\/j.optmat.2024.116334<\/a><\/p>\n\n\n\n<p><strong><em><mark style=\"background-color:rgba(0, 0, 0, 0)\" class=\"has-inline-color has-blue-color\">Open datasets for this paper: <\/mark><\/em><\/strong><a href=\"https:\/\/doi.org\/10.5281\/zenodo.14717848\" target=\"_blank\" rel=\"noreferrer noopener\">10.5281\/zenodo.14717848<\/a><\/p>\n<\/div>\n\n\n\n<div class=\"wp-block-column is-layout-flow wp-block-column-is-layout-flow\" style=\"flex-basis:33.33%\">\n<figure class=\"wp-block-image size-full\"><a href=\"https:\/\/www.sciencedirect.com\/science\/article\/pii\/S0925346724015179?via%3Dihub#dfig1\" target=\"_blank\" rel=\"noopener\"><img loading=\"lazy\" decoding=\"async\" width=\"1333\" height=\"820\" src=\"https:\/\/compslight.ipb.ac.rs\/wp-content\/uploads\/2024\/11\/1-s2.0-S0925346724015179-ga1_lrg.jpg\" alt=\"\" class=\"wp-image-830\" srcset=\"https:\/\/compslight.ipb.ac.rs\/wp-content\/uploads\/2024\/11\/1-s2.0-S0925346724015179-ga1_lrg.jpg 1333w, https:\/\/compslight.ipb.ac.rs\/wp-content\/uploads\/2024\/11\/1-s2.0-S0925346724015179-ga1_lrg-300x185.jpg 300w, https:\/\/compslight.ipb.ac.rs\/wp-content\/uploads\/2024\/11\/1-s2.0-S0925346724015179-ga1_lrg-1024x630.jpg 1024w, https:\/\/compslight.ipb.ac.rs\/wp-content\/uploads\/2024\/11\/1-s2.0-S0925346724015179-ga1_lrg-768x472.jpg 768w\" sizes=\"auto, (max-width: 1333px) 100vw, 1333px\" \/><\/a><figcaption class=\"wp-element-caption\">The experimental realization approach of truncated 2D deterministic aperiodic photonic structures using the interference of two mutually coherent Weber beams.<\/figcaption><\/figure>\n<\/div>\n<\/div>\n<\/div><\/div>\n\n\n\n<p><\/p>\n\n\n\n<div class=\"wp-block-cover is-light\" style=\"min-height:300px;aspect-ratio:unset;\"><span aria-hidden=\"true\" class=\"wp-block-cover__background has-light-gray-background-color has-background-dim-40 has-background-dim\"><\/span><div class=\"wp-block-cover__inner-container is-layout-flow wp-block-cover-is-layout-flow\">\n<p class=\"has-text-align-center\" style=\"font-size:17px\"><strong><mark style=\"background-color:rgba(0, 0, 0, 0);color:#cc0000\" class=\"has-inline-color\">New conference paper at SPIE, the international society for optics and photonics <\/mark><\/strong><\/p>\n\n\n\n<p><a rel=\"noreferrer noopener\" href=\"https:\/\/www.spiedigitallibrary.org\/conference-proceedings-of-spie\/12143\/2621228\/Light-propagation-in-disordered-aperiodic-Mathieu-lattices-generated-with-two\/10.1117\/12.2621228.full\" target=\"_blank\"><strong><em><mark style=\"background-color:rgba(0, 0, 0, 0);color:#00ab31\" class=\"has-inline-color\">&#8220;<\/mark><\/em><\/strong><\/a><strong><em><a rel=\"noreferrer noopener\" href=\"https:\/\/www.spiedigitallibrary.org\/conference-proceedings-of-spie\/13004\/3017229\/Dimensionality-crossover-of-radial-discrete-diffraction-in-optically-induced-Mathieu\/10.1117\/12.3017229.full#_=_\" target=\"_blank\"><mark style=\"background-color:rgba(0, 0, 0, 0);color:#02a831\" class=\"has-inline-color\">Dimensionality crossover of radial discrete diffraction in optically induced Mathieu photonic lattices<\/mark><\/a><\/em><\/strong><a rel=\"noreferrer noopener\" href=\"https:\/\/www.spiedigitallibrary.org\/conference-proceedings-of-spie\/12143\/2621228\/Light-propagation-in-disordered-aperiodic-Mathieu-lattices-generated-with-two\/10.1117\/12.2621228.full\" target=\"_blank\"><strong><em><mark style=\"background-color:rgba(0, 0, 0, 0);color:#00ab31\" class=\"has-inline-color\">&#8220;, <\/mark><\/em><\/strong><\/a><mark style=\"background-color:rgba(0, 0, 0, 0)\" class=\"has-inline-color has-black-color\">Jadranka M. Vasiljevi\u0107,&nbsp;Vladimir P. Jovanovi\u0107,&nbsp;Aleksandar \u017d. Tomovi\u0107,&nbsp;Dejan V. Timotijevi\u0107,&nbsp;Radomir \u017dikic,&nbsp;Milivoj R. Beli\u0107,&nbsp;Dragana M. Jovi\u0107 Savi\u0107<\/mark>. SPIE Photonics Europe 2024, Strasbourg France <\/p>\n\n\n\n<p><mark style=\"background-color:rgba(0, 0, 0, 0)\" class=\"has-inline-color has-black-color\"><a rel=\"noreferrer noopener\" href=\"https:\/\/www.spiedigitallibrary.org\/conference-proceedings-of-spie\/13004.toc\" target=\"_blank\">Proceedings Volume 13004, Nonlinear Optics and its Applications 2024;<\/a>&nbsp;130040J (2024)<\/mark>.<\/p>\n\n\n\n<p><a href=\"https:\/\/doi.org\/10.1117\/12.3017229\" target=\"_blank\" rel=\"noreferrer noopener\">https:\/\/doi.org\/10.1117\/12.3017229<\/a><\/p>\n\n\n<div class=\"wp-block-image\">\n<figure class=\"aligncenter size-large is-resized\"><a href=\"https:\/\/www.spiedigitallibrary.org\/conference-proceedings-of-spie\/13004\/3017229\/Dimensionality-crossover-of-radial-discrete-diffraction-in-optically-induced-Mathieu\/10.1117\/12.3017229.full#_=_\" target=\"_blank\" rel=\"noopener\"><img loading=\"lazy\" decoding=\"async\" width=\"1024\" height=\"784\" src=\"https:\/\/compslight.ipb.ac.rs\/wp-content\/uploads\/2024\/09\/fIGURE_1_SAJT-1024x784.jpg\" alt=\"\" class=\"wp-image-779\" style=\"width:557px;height:426px\" srcset=\"https:\/\/compslight.ipb.ac.rs\/wp-content\/uploads\/2024\/09\/fIGURE_1_SAJT-1024x784.jpg 1024w, https:\/\/compslight.ipb.ac.rs\/wp-content\/uploads\/2024\/09\/fIGURE_1_SAJT-300x230.jpg 300w, https:\/\/compslight.ipb.ac.rs\/wp-content\/uploads\/2024\/09\/fIGURE_1_SAJT-768x588.jpg 768w, https:\/\/compslight.ipb.ac.rs\/wp-content\/uploads\/2024\/09\/fIGURE_1_SAJT-1536x1176.jpg 1536w, https:\/\/compslight.ipb.ac.rs\/wp-content\/uploads\/2024\/09\/fIGURE_1_SAJT.jpg 1650w\" sizes=\"auto, (max-width: 1024px) 100vw, 1024px\" \/><\/a><\/figure>\n<\/div><\/div><\/div>\n\n\n\n<p><\/p>\n\n\n\n<div class=\"wp-block-cover aligncenter is-light\" style=\"min-height:300px;aspect-ratio:unset;\"><span aria-hidden=\"true\" class=\"wp-block-cover__background has-light-gray-background-color has-background-dim-40 has-background-dim\"><\/span><div class=\"wp-block-cover__inner-container is-layout-flow wp-block-cover-is-layout-flow\">\n<p class=\"has-text-align-center\" style=\"font-size:17px\">Dr. Jadranka Vasiljevi\u0107 participated as a speaker at:<\/p>\n\n\n\n<p class=\"has-text-align-center\"><strong><a rel=\"noreferrer noopener\" href=\"https:\/\/spie.org\/conferences-and-exhibitions\/photonics-europe\" target=\"_blank\"><strong><mark style=\"background-color: rgba(0, 0, 0, 0);color:#00511c\" class=\"has-inline-color\">SPIE Photonics Europe,<\/mark><\/strong><\/a><\/strong><\/p>\n\n\n\n<p class=\"has-text-align-center\"><mark style=\"background-color: rgba(0, 0, 0, 0)\" class=\"has-inline-color has-black-color\"><strong><strong>7 &#8211; 11 April 2024<\/strong><\/strong> <strong>in Strasbourg, France<\/strong><\/mark><\/p>\n\n\n\n<p class=\"has-text-align-center\"><em><strong><a href=\"https:\/\/spie.org\/photonics-europe\/presentation\/Light-propagation-in-disordered-aperiodic-Mathieu-lattices-generated-with-two\/12143-41?enableBackToBrowse=true\" data-type=\"URL\" data-id=\"https:\/\/spie.org\/photonics-europe\/presentation\/Light-propagation-in-disordered-aperiodic-Mathieu-lattices-generated-with-two\/12143-41?enableBackToBrowse=true\" target=\"_blank\" rel=\"noreferrer noopener\"><mark style=\"background-color: rgba(0, 0, 0, 0);\" class=\"has-inline-color has-vivid-green-cyan-color\">&#8220;Dimensionality crossover of radial discrete diffraction in optically induced Mathieu photonic lattices&#8221;<\/mark><\/a><\/strong><\/em><\/p>\n\n\n\n<div class=\"wp-block-columns is-layout-flex wp-container-core-columns-is-layout-9d6595d7 wp-block-columns-is-layout-flex\">\n<div class=\"wp-block-column is-layout-flow wp-block-column-is-layout-flow\"><\/div>\n<\/div>\n<\/div><\/div>\n\n\n\n<p><\/p>\n\n\n\n<div class=\"wp-block-cover is-light\" style=\"min-height:300px;aspect-ratio:unset;\"><span aria-hidden=\"true\" class=\"wp-block-cover__background has-light-gray-background-color has-background-dim-40 has-background-dim\"><\/span><div class=\"wp-block-cover__inner-container is-layout-flow wp-block-cover-is-layout-flow\">\n<p class=\"has-text-align-center\" style=\"font-size:17px\"><strong><mark style=\"background-color:rgba(0, 0, 0, 0);color:#cc0000\" class=\"has-inline-color\"><a href=\"https:\/\/opg.optica.org\/oe\/fulltext.cfm?uri=oe-31-18-28946&amp;id=536506\" target=\"_blank\" rel=\"noreferrer noopener\">New paper in Journal Optics Express<\/a><\/mark><\/strong><\/p>\n\n\n\n<p><a href=\"https:\/\/opg.optica.org\/oe\/fulltext.cfm?uri=oe-31-18-28946&amp;id=536506\"><strong><em><mark style=\"background-color:rgba(0, 0, 0, 0);color:#00ab31\" class=\"has-inline-color\">&#8220;Interdimensional radial discrete diffraction in Mathieu photonic lattices&#8221;<\/mark><\/em><\/strong>, <\/a>Jadranka M. Vasiljevi\u0107, Vladimir P. Jovanovi\u0107, Aleksandar \u017d. Tomovi\u0107, Dejan V. Timotijevi\u0107, Radomir \u017dikic, Milivoj R. Beli\u0107, and Dragana M. Jovi\u0107 Savi\u0107<\/p>\n\n\n\n<p><strong>Optics Express 31<\/strong>&nbsp;(18), 28946 (2023)<\/p>\n\n\n\n<p><a href=\"https:\/\/doi.org\/10.1364\/OE.497795\">https:\/\/doi.org\/10.1364\/OE.497795<\/a><\/p>\n\n\n\n<p><strong><em><mark style=\"background-color:rgba(0, 0, 0, 0)\" class=\"has-inline-color has-blue-color\">Open datasets for this paper:<\/mark><\/em><\/strong> <a href=\"https:\/\/doi.org\/10.5281\/zenodo.8421130\" target=\"_blank\" rel=\"noreferrer noopener\">10.5281\/zenodo.8421130<\/a><\/p>\n\n\n\n<div class=\"wp-block-columns is-layout-flex wp-container-core-columns-is-layout-9d6595d7 wp-block-columns-is-layout-flex\">\n<div class=\"wp-block-column is-layout-flow wp-block-column-is-layout-flow\" style=\"flex-basis:66.66%\">\n<figure class=\"wp-block-image size-large\"><img loading=\"lazy\" decoding=\"async\" width=\"1024\" height=\"403\" src=\"http:\/\/compslight.ipb.ac.rs\/wp-content\/uploads\/2023\/08\/Figure2-1024x403.png\" alt=\"\" class=\"wp-image-749\" srcset=\"https:\/\/compslight.ipb.ac.rs\/wp-content\/uploads\/2023\/08\/Figure2-1024x403.png 1024w, https:\/\/compslight.ipb.ac.rs\/wp-content\/uploads\/2023\/08\/Figure2-300x118.png 300w, https:\/\/compslight.ipb.ac.rs\/wp-content\/uploads\/2023\/08\/Figure2-768x302.png 768w, https:\/\/compslight.ipb.ac.rs\/wp-content\/uploads\/2023\/08\/Figure2-1536x604.png 1536w, https:\/\/compslight.ipb.ac.rs\/wp-content\/uploads\/2023\/08\/Figure2.png 2030w\" sizes=\"auto, (max-width: 1024px) 100vw, 1024px\" \/><figcaption class=\"wp-element-caption\"><strong><a rel=\"noreferrer noopener\" href=\"https:\/\/opg.optica.org\/oe\/fulltext.cfm?uri=oe-31-18-28946&amp;id=536506\" target=\"_blank\">Influence of various probe beam input positions on the discrete diffraction in Mathieu lattice.<\/a><\/strong><\/figcaption><\/figure>\n\n\n\n<p><\/p>\n<\/div>\n\n\n\n<div class=\"wp-block-column is-layout-flow wp-block-column-is-layout-flow\" style=\"flex-basis:33.33%\">\n<div class=\"wp-block-media-text alignwide has-media-on-the-right is-stacked-on-mobile is-vertically-aligned-center\" style=\"grid-template-columns:auto 85%\"><div class=\"wp-block-media-text__content\">\n<p class=\"has-small-font-size\"><\/p>\n<\/div><figure class=\"wp-block-media-text__media\"><video controls src=\"http:\/\/compslight.ipb.ac.rs\/wp-content\/uploads\/2023\/08\/VID_20230815_140412_0_COMPRESSED.mp4\"><\/video><\/figure><\/div>\n\n\n\n<p>Numerical intensity distributions of the probe beam along propagation distance z for input probe beam positions (b1) in Mathieu lattice of m = 7,<em> q<\/em> = 0, and <em>a<\/em> = 30 mum.<\/p>\n<\/div>\n<\/div>\n<\/div><\/div>\n\n\n\n<p><\/p>\n\n\n\n<div class=\"wp-block-columns is-layout-flex wp-container-core-columns-is-layout-9d6595d7 wp-block-columns-is-layout-flex\">\n<div class=\"wp-block-column is-layout-flow wp-block-column-is-layout-flow\" style=\"flex-basis:100%\">\n<div class=\"wp-block-cover aligncenter is-light\" style=\"min-height:300px;aspect-ratio:unset;\"><span aria-hidden=\"true\" class=\"wp-block-cover__background has-light-gray-background-color has-background-dim-40 has-background-dim\"><\/span><div class=\"wp-block-cover__inner-container is-layout-flow wp-block-cover-is-layout-flow\">\n<p class=\"has-text-align-center\" style=\"font-size:17px\">Dr. Jadranka Vasiljevi\u0107 presented results at poster sessions at:<\/p>\n\n\n\n<div class=\"wp-block-columns is-layout-flex wp-container-core-columns-is-layout-9d6595d7 wp-block-columns-is-layout-flex\">\n<div class=\"wp-block-column is-layout-flow wp-block-column-is-layout-flow\">\n<p class=\"has-text-align-center\"><strong><a rel=\"noreferrer noopener\" href=\"https:\/\/www.europeanoptics.org\/events\/eos\/eosam2022.html\" target=\"_blank\"><mark style=\"background-color:rgba(0, 0, 0, 0);color:#006131\" class=\"has-inline-color\">European Optical Society Annual Meeting (EOSAM) 2022<\/mark><\/a><\/strong><\/p>\n\n\n\n<p class=\"has-text-align-center\"><strong>12-16. 9. 2022.<\/strong>, <strong>Porto, Portugal<\/strong><\/p>\n\n\n\n<p class=\"has-text-align-center\"><mark style=\"background-color:rgba(0, 0, 0, 0);color:#006616\" class=\"has-inline-color\"><a rel=\"noreferrer noopener\" href=\"https:\/\/www.epj-conferences.org\/articles\/epjconf\/abs\/2022\/10\/epjconf_eosam2022_08015\/epjconf_eosam2022_08015.html\" target=\"_blank\">&#8220;<\/a><\/mark><strong style=\"font-weight: bold; font-style: italic;\"><a rel=\"noreferrer noopener\" href=\"https:\/\/www.epj-conferences.org\/articles\/epjconf\/abs\/2022\/10\/epjconf_eosam2022_08015\/epjconf_eosam2022_08015.html\" target=\"_blank\"><mark style=\"background-color:rgba(0, 0, 0, 0);color:#00ab31\" class=\"has-inline-color\">Light propagation in disordered aperiodic Mathieu photonic lattices<\/mark><\/a><\/strong><mark style=\"background-color:rgba(0, 0, 0, 0);color:#006616\" class=\"has-inline-color\"><a rel=\"noreferrer noopener\" href=\"https:\/\/www.epj-conferences.org\/articles\/epjconf\/abs\/2022\/10\/epjconf_eosam2022_08015\/epjconf_eosam2022_08015.html\" target=\"_blank\">&#8220;<\/a><\/mark><\/p>\n\n\n\n<p class=\"has-text-align-center\"><a href=\"https:\/\/www.europeanoptics.org\/events\/eos\/eosam2022.html\"><mark style=\"background-color:rgba(0, 0, 0, 0)\" class=\"has-inline-color has-blue-color\">https:\/\/www.europeanoptics.org\/events\/eos\/eosam2022.html<\/mark><\/a><\/p>\n\n\n\n<p><\/p>\n<\/div>\n\n\n\n<div class=\"wp-block-column is-layout-flow wp-block-column-is-layout-flow\"><div class=\"wp-block-image\">\n<figure class=\"aligncenter size-medium\"><img loading=\"lazy\" decoding=\"async\" width=\"217\" height=\"300\" src=\"https:\/\/compslight.ipb.ac.rs\/wp-content\/uploads\/2022\/09\/1664549088724-01-217x300.jpeg\" alt=\"\" class=\"wp-image-701\" srcset=\"https:\/\/compslight.ipb.ac.rs\/wp-content\/uploads\/2022\/09\/1664549088724-01-217x300.jpeg 217w, https:\/\/compslight.ipb.ac.rs\/wp-content\/uploads\/2022\/09\/1664549088724-01-742x1024.jpeg 742w, https:\/\/compslight.ipb.ac.rs\/wp-content\/uploads\/2022\/09\/1664549088724-01-768x1059.jpeg 768w, https:\/\/compslight.ipb.ac.rs\/wp-content\/uploads\/2022\/09\/1664549088724-01-1113x1536.jpeg 1113w, https:\/\/compslight.ipb.ac.rs\/wp-content\/uploads\/2022\/09\/1664549088724-01-1485x2048.jpeg 1485w, https:\/\/compslight.ipb.ac.rs\/wp-content\/uploads\/2022\/09\/1664549088724-01.jpeg 1486w\" sizes=\"auto, (max-width: 217px) 100vw, 217px\" \/><\/figure>\n<\/div><\/div>\n<\/div>\n<\/div><\/div>\n<\/div>\n<\/div>\n\n\n\n<p><\/p>\n\n\n\n<div class=\"wp-block-cover is-light\" style=\"min-height:300px;aspect-ratio:unset;\"><span aria-hidden=\"true\" class=\"wp-block-cover__background has-light-gray-background-color has-background-dim-40 has-background-dim\"><\/span><div class=\"wp-block-cover__inner-container is-layout-flow wp-block-cover-is-layout-flow\">\n<p class=\"has-text-align-center\" style=\"font-size:17px\"><strong><mark style=\"background-color:rgba(0, 0, 0, 0);color:#cc0000\" class=\"has-inline-color\">New conference paper at SPIE, the international society for optics and photonics <\/mark><\/strong><\/p>\n\n\n\n<p><a rel=\"noreferrer noopener\" href=\"https:\/\/www.spiedigitallibrary.org\/conference-proceedings-of-spie\/12143\/2621228\/Light-propagation-in-disordered-aperiodic-Mathieu-lattices-generated-with-two\/10.1117\/12.2621228.full\" target=\"_blank\"><strong><em><mark style=\"background-color:rgba(0, 0, 0, 0);color:#00ab31\" class=\"has-inline-color\">&#8220;Light propagation in disordered aperiodic Mathieu lattices generated with two different randomization methods&#8221;<\/mark><\/em><\/strong>, <\/a>Jadranka M. Vasiljevi\u0107,&nbsp;Dejan V. Timotijevi\u0107,&nbsp;Dragana M. Jovi\u0107 Savi\u0107. SPIE Photonics Europe 2022, Strasbourg France <\/p>\n\n\n\n<p><mark style=\"background-color:rgba(0, 0, 0, 0)\" class=\"has-inline-color has-black-color\"><a rel=\"noreferrer noopener\" href=\"https:\/\/www.spiedigitallibrary.org\/conference-proceedings-of-spie\/12143.toc\" target=\"_blank\">Proceedings Volume 12143, Nonlinear Optics and its Applications 2022;<\/a>&nbsp;121430A (2022).<\/mark><\/p>\n\n\n\n<p><a href=\"https:\/\/doi.org\/10.1117\/12.2621228\">https:\/\/doi.org\/10.1117\/12.2621228<\/a><\/p>\n<\/div><\/div>\n\n\n\n<p><\/p>\n\n\n\n<div class=\"wp-block-cover aligncenter is-light\" style=\"min-height:300px;aspect-ratio:unset;\"><span aria-hidden=\"true\" class=\"wp-block-cover__background has-light-gray-background-color has-background-dim-40 has-background-dim\"><\/span><div class=\"wp-block-cover__inner-container is-layout-flow wp-block-cover-is-layout-flow\">\n<p class=\"has-text-align-center\" style=\"font-size:17px\">Dr. Jadranka Vasiljevi\u0107 participated as a speaker at:<\/p>\n\n\n\n<div class=\"wp-block-columns is-layout-flex wp-container-core-columns-is-layout-9d6595d7 wp-block-columns-is-layout-flex\">\n<div class=\"wp-block-column is-layout-flow wp-block-column-is-layout-flow\" style=\"flex-basis:50%\">\n<div class=\"wp-block-group\"><div class=\"wp-block-group__inner-container is-layout-flow wp-block-group-is-layout-flow\">\n<p><\/p>\n\n\n\n<p><\/p>\n\n\n\n<p class=\"has-text-align-center\"><a rel=\"noreferrer noopener\" href=\"https:\/\/spie.org\/conferences-and-exhibitions\/photonics-europe\" target=\"_blank\"><strong><mark style=\"background-color: rgba(0, 0, 0, 0);color:#00511c\" class=\"has-inline-color\">SPIE Photonics Europe,<\/mark><\/strong><\/a><\/p>\n\n\n\n<p class=\"has-text-align-center\"><mark style=\"background-color: rgba(0, 0, 0, 0)\" class=\"has-inline-color has-black-color\"><strong><strong>3 &#8211; 7 April 2022<\/strong><\/strong> <strong>in Strasbourg, France<\/strong><\/mark><\/p>\n\n\n\n<p><\/p>\n\n\n\n<p><em><strong><a rel=\"noreferrer noopener\" href=\"https:\/\/spie.org\/photonics-europe\/presentation\/Light-propagation-in-disordered-aperiodic-Mathieu-lattices-generated-with-two\/12143-41?enableBackToBrowse=true\" data-type=\"URL\" data-id=\"https:\/\/spie.org\/photonics-europe\/presentation\/Light-propagation-in-disordered-aperiodic-Mathieu-lattices-generated-with-two\/12143-41?enableBackToBrowse=true\" target=\"_blank\"><mark style=\"background-color: rgba(0, 0, 0, 0);\" class=\"has-inline-color has-vivid-green-cyan-color\">&#8220;Light propagation in disordered aperiodic Mathieu lattices generated with two different randomization methods&#8221;<\/mark><\/a><\/strong><\/em><\/p>\n<\/div><\/div>\n<\/div>\n\n\n\n<div class=\"wp-block-column is-layout-flow wp-block-column-is-layout-flow\" style=\"flex-basis:50%\"><div class=\"wp-block-image\">\n<figure class=\"aligncenter size-large\"><img loading=\"lazy\" decoding=\"async\" width=\"931\" height=\"1024\" src=\"http:\/\/compslight.ipb.ac.rs\/wp-content\/uploads\/2022\/04\/IMG_20220406_122841-scaled-e1652346032853-931x1024.jpg\" alt=\"\" class=\"wp-image-479\" srcset=\"https:\/\/compslight.ipb.ac.rs\/wp-content\/uploads\/2022\/04\/IMG_20220406_122841-scaled-e1652346032853-931x1024.jpg 931w, https:\/\/compslight.ipb.ac.rs\/wp-content\/uploads\/2022\/04\/IMG_20220406_122841-scaled-e1652346032853-273x300.jpg 273w, https:\/\/compslight.ipb.ac.rs\/wp-content\/uploads\/2022\/04\/IMG_20220406_122841-scaled-e1652346032853-768x845.jpg 768w, https:\/\/compslight.ipb.ac.rs\/wp-content\/uploads\/2022\/04\/IMG_20220406_122841-scaled-e1652346032853-1396x1536.jpg 1396w, https:\/\/compslight.ipb.ac.rs\/wp-content\/uploads\/2022\/04\/IMG_20220406_122841-scaled-e1652346032853-1862x2048.jpg 1862w, https:\/\/compslight.ipb.ac.rs\/wp-content\/uploads\/2022\/04\/IMG_20220406_122841-scaled-e1652346032853.jpg 1920w\" sizes=\"auto, (max-width: 931px) 100vw, 931px\" \/><\/figure>\n<\/div><\/div>\n<\/div>\n<\/div><\/div>\n","protected":false},"excerpt":{"rendered":"","protected":false},"author":2,"featured_media":0,"parent":0,"menu_order":0,"comment_status":"closed","ping_status":"closed","template":"","meta":{"footnotes":""},"class_list":["post-157","page","type-page","status-publish","hentry"],"_links":{"self":[{"href":"https:\/\/compslight.ipb.ac.rs\/index.php\/wp-json\/wp\/v2\/pages\/157","targetHints":{"allow":["GET"]}}],"collection":[{"href":"https:\/\/compslight.ipb.ac.rs\/index.php\/wp-json\/wp\/v2\/pages"}],"about":[{"href":"https:\/\/compslight.ipb.ac.rs\/index.php\/wp-json\/wp\/v2\/types\/page"}],"author":[{"embeddable":true,"href":"https:\/\/compslight.ipb.ac.rs\/index.php\/wp-json\/wp\/v2\/users\/2"}],"replies":[{"embeddable":true,"href":"https:\/\/compslight.ipb.ac.rs\/index.php\/wp-json\/wp\/v2\/comments?post=157"}],"version-history":[{"count":107,"href":"https:\/\/compslight.ipb.ac.rs\/index.php\/wp-json\/wp\/v2\/pages\/157\/revisions"}],"predecessor-version":[{"id":945,"href":"https:\/\/compslight.ipb.ac.rs\/index.php\/wp-json\/wp\/v2\/pages\/157\/revisions\/945"}],"wp:attachment":[{"href":"https:\/\/compslight.ipb.ac.rs\/index.php\/wp-json\/wp\/v2\/media?parent=157"}],"curies":[{"name":"wp","href":"https:\/\/api.w.org\/{rel}","templated":true}]}}